{"id":17615,"date":"2025-10-26T16:43:26","date_gmt":"2025-10-26T16:43:26","guid":{"rendered":"https:\/\/liceolollino.it\/?page_id=17615"},"modified":"2025-10-28T21:38:23","modified_gmt":"2025-10-28T21:38:23","slug":"liceo-classico","status":"publish","type":"page","link":"https:\/\/liceolollino.it\/liceo-classico\/","title":{"rendered":"Liceo classico"},"content":{"rendered":"<div class=\"wpb-content-wrapper\"><p>[vc_row content_width=&#8221;grid&#8221;][vc_column]<div class=\"mkd-elements-holder mkd-responsive-mode-768 mkd-one-column-alignment-left\" ><div class=\"mkd-elements-holder-item mkd-horizontal-alignment-center\" data-item-class=\"mkd-elements-holder-custom-496972\" data-1280-1440=\"70px 130px\" data-1024-1280=\"60px 90px\" data-768-1024=\"50px 30px\" data-600-768=\"50px 5px\" data-480-600=\"40px 0\" data-480=\"30px 0\" >\n    <div class=\"mkd-elements-holder-item-inner\">\n        <div class=\"mkd-elements-holder-item-content mkd-elements-holder-custom-496972\" style=\"padding: 70px 230px\">\n            <div class=\"mkd-section-title-holder\">\n\t<h1 class=\"mkd-section-title\" style=\"color: #505050\">\n\t\tTradizione classica e visione contemporanea    <\/h1>\n<\/div><div class=\"mkd-separator-holder clearfix  custom-mkd-separator mkd-separator-center\">\n\t<div class=\"mkd-separator\" style=\"border-color: #6b8cb2;width: 55px;border-bottom-width: 2px;margin-top: 6px;margin-bottom: 21px\"><\/div>\n<\/div>\n[vc_column_text]<span style=\"font-weight: 400;\">Il liceo classico si concentra sullo studio della <\/span><b>civilt\u00e0 classica e della cultura umanistica<\/b><span style=\"font-weight: 400;\">.<\/span><\/p>\n<p><span style=\"font-weight: 400;\">Offre una preparazione completa in discipline letterarie, storiche e filosofiche, fornendo gli strumenti per comprendere il <\/span><b>ruolo della tradizione occidentale<\/b><span style=\"font-weight: 400;\"> nel mondo attuale, analizzando valori e prospettive antropologiche.<\/span><\/p>\n<p><span style=\"font-weight: 400;\">Il percorso guida all&#8217;acquisizione dei metodi propri degli studi classici, integrati con un&#8217;attenzione significativa alle <\/span><b>scienze matematiche, fisiche e naturali<\/b><span style=\"font-weight: 400;\">. Questo approccio multidisciplinare permette agli studenti di elaborare una <\/span><b>visione critica e interconnessa della realt\u00e0<\/b><span style=\"font-weight: 400;\"> e di maturare le competenze necessarie per affrontare l&#8217;universit\u00e0 e il futuro.<\/span>[\/vc_column_text]        <\/div>\n    <\/div>\n<\/div><\/div>[\/vc_column][\/vc_row][vc_row row_type=&#8221;parallax&#8221; content_width=&#8221;grid&#8221; full_screen_section_height=&#8221;no&#8221; parallax_background_image=&#8221;15490&#8243; el_class=&#8221;bg-overlay-4&#8243;][vc_column]<div class=\"mkd-elements-holder mkd-responsive-mode-768\" ><div class=\"mkd-elements-holder-item mkd-horizontal-alignment-center\" data-item-class=\"mkd-elements-holder-custom-739141\" data-1280-1440=\"100px 130px 30px\" data-1024-1280=\"100px 90px 30px\" data-768-1024=\"80px 30px 30px\" data-600-768=\"75px 0 30px\" data-480-600=\"60px 0 30px\" data-480=\"50px 0 25px\" >\n    <div class=\"mkd-elements-holder-item-inner\">\n        <div class=\"mkd-elements-holder-item-content mkd-elements-holder-custom-739141\" style=\"padding: 100px 230px 30px\">\n            <div class=\"mkd-section-title-holder\">\n\t<h1 class=\"mkd-section-title\" style=\"color: #ffffff\">\n\t\tL&#039;offerta formativa prevede    <\/h1>\n<\/div><div class=\"mkd-separator-holder clearfix  mkd-separator-center\">\n\t<div class=\"mkd-separator\" style=\"border-color: #ffffff;width: 55px;border-bottom-width: 2px;margin-top: 6px\"><\/div>\n<\/div>\n        <\/div>\n    <\/div>\n<\/div><\/div><div class=\"mkd-elements-holder mkd-three-columns mkd-responsive-mode-768\" ><div class=\"mkd-elements-holder-item mkd-vertical-alignment-top mkd-horizontal-alignment-left\" data-item-class=\"mkd-elements-holder-custom-338340\" data-1280-1440=\"0 15px 100px\" data-1024-1280=\"0 15px 100px\" data-768-1024=\"0 15px 80px\" data-600-768=\"0 15px 30px\" data-480-600=\"0 15px 30px\" data-480=\"0 15px 25px\" >\n    <div class=\"mkd-elements-holder-item-inner\">\n        <div class=\"mkd-elements-holder-item-content mkd-elements-holder-custom-338340\" style=\"padding: 0 15px 100px\">\n            <div class=\"mkd-iwt clearfix mkd-iwt-icon-top mkd-iwt-icon-tiny\">\n    <div class=\"mkd-iwt-icon-holder\">\n                    <a class=\"mkd-iwt-link\" href=\"#\" target=\"_self\">\n                <span class=\"mkd-iwt-custom-icon\" style=\"margin: 2px 10px 0px 0px\"><img loading=\"lazy\" decoding=\"async\" width=\"160\" height=\"160\" src=\"https:\/\/liceolollino.it\/wp-content\/uploads\/2018\/09\/icon_one.png\" class=\"attachment-full size-full\" alt=\"\" srcset=\"https:\/\/liceolollino.it\/wp-content\/uploads\/2018\/09\/icon_one.png 160w, https:\/\/liceolollino.it\/wp-content\/uploads\/2018\/09\/icon_one-150x150.png 150w\" sizes=\"(max-width: 160px) 100vw, 160px\" \/><\/span>\n            <\/a>\n            <\/div>\n    <div class=\"mkd-iwt-content-holder\" >\n        <div class=\"mkd-iwt-title-holder\">\n            <h3 ><\/h3>\n    <\/div>\n    <div class=\"mkd-iwt-text-holder\">\n        <p style=\"color: #ffffff\">il potenziamento della lingua inglese, con 4 ore settimanali dal primo al quinto anno<\/p>\n    <\/div>\n<\/div>\n<\/div>        <\/div>\n    <\/div>\n<\/div><div class=\"mkd-elements-holder-item mkd-vertical-alignment-top mkd-horizontal-alignment-left\" data-item-class=\"mkd-elements-holder-custom-428653\" data-1280-1440=\"0 15px 100px\" data-1024-1280=\"0 15px 100px\" data-768-1024=\"0 15px 80px\" data-600-768=\"0 15px 30px\" data-480-600=\"0 15px 30px\" data-480=\"0 15px 25px\" >\n    <div class=\"mkd-elements-holder-item-inner\">\n        <div class=\"mkd-elements-holder-item-content mkd-elements-holder-custom-428653\" style=\"padding: 0 15px 100px\">\n            <div class=\"mkd-iwt clearfix mkd-iwt-icon-top mkd-iwt-icon-tiny\">\n    <div class=\"mkd-iwt-icon-holder\">\n                    <a class=\"mkd-iwt-link\" href=\"#\" target=\"_self\">\n                <span class=\"mkd-iwt-custom-icon\" style=\"margin: 2px 10px 0px 0px\"><img loading=\"lazy\" decoding=\"async\" width=\"160\" height=\"160\" src=\"https:\/\/liceolollino.it\/wp-content\/uploads\/2018\/09\/icon_two.png\" class=\"attachment-full size-full\" alt=\"\" srcset=\"https:\/\/liceolollino.it\/wp-content\/uploads\/2018\/09\/icon_two.png 160w, https:\/\/liceolollino.it\/wp-content\/uploads\/2018\/09\/icon_two-150x150.png 150w\" sizes=\"(max-width: 160px) 100vw, 160px\" \/><\/span>\n            <\/a>\n            <\/div>\n    <div class=\"mkd-iwt-content-holder\" >\n        <div class=\"mkd-iwt-title-holder\">\n            <h3 ><\/h3>\n    <\/div>\n    <div class=\"mkd-iwt-text-holder\">\n        <p style=\"color: #ffffff\">l&#039;introduzione del diritto<\/p>\n    <\/div>\n<\/div>\n<\/div>        <\/div>\n    <\/div>\n<\/div><div class=\"mkd-elements-holder-item mkd-vertical-alignment-top mkd-horizontal-alignment-left\" data-item-class=\"mkd-elements-holder-custom-882033\" data-1280-1440=\"0 15px 100px\" data-1024-1280=\"0 15px 100px\" data-768-1024=\"0 15px 80px\" data-600-768=\"0 15px 75px\" data-480-600=\"0 15px 60px\" data-480=\"0 15px 50px\" >\n    <div class=\"mkd-elements-holder-item-inner\">\n        <div class=\"mkd-elements-holder-item-content mkd-elements-holder-custom-882033\" style=\"padding: 0 15px 100px\">\n            <div class=\"mkd-iwt clearfix mkd-iwt-icon-top mkd-iwt-icon-tiny\">\n    <div class=\"mkd-iwt-icon-holder\">\n                    <a class=\"mkd-iwt-link\" href=\"#\" target=\"_self\">\n                <span class=\"mkd-iwt-custom-icon\" style=\"margin: 2px 10px 0px 0px\"><img loading=\"lazy\" decoding=\"async\" width=\"160\" height=\"160\" src=\"https:\/\/liceolollino.it\/wp-content\/uploads\/2018\/09\/icon_three.png\" class=\"attachment-full size-full\" alt=\"\" srcset=\"https:\/\/liceolollino.it\/wp-content\/uploads\/2018\/09\/icon_three.png 160w, https:\/\/liceolollino.it\/wp-content\/uploads\/2018\/09\/icon_three-150x150.png 150w\" sizes=\"(max-width: 160px) 100vw, 160px\" \/><\/span>\n            <\/a>\n            <\/div>\n    <div class=\"mkd-iwt-content-holder\" >\n        <div class=\"mkd-iwt-title-holder\">\n            <h3 ><\/h3>\n    <\/div>\n    <div class=\"mkd-iwt-text-holder\">\n        <p style=\"color: #ffffff\">la distribuzione delle ore di storia dell\u2019arte nell\u2019arco dell\u2019intero quinquennio<\/p>\n    <\/div>\n<\/div>\n<\/div>        <\/div>\n    <\/div>\n<\/div><\/div>[\/vc_column][\/vc_row][vc_row content_width=&#8221;grid&#8221;][vc_column]<div class=\"mkd-elements-holder mkd-responsive-mode-768 mkd-one-column-alignment-left\" ><div class=\"mkd-elements-holder-item mkd-horizontal-alignment-center\" data-item-class=\"mkd-elements-holder-custom-968510\" data-1280-1440=\"70px 130px\" data-1024-1280=\"60px 90px\" data-768-1024=\"50px 30px\" data-600-768=\"50px 5px\" data-480-600=\"40px 0\" data-480=\"30px 0\" >\n    <div class=\"mkd-elements-holder-item-inner\">\n        <div class=\"mkd-elements-holder-item-content mkd-elements-holder-custom-968510\" style=\"padding: 70px 230px\">\n            <div class=\"mkd-section-title-holder\">\n\t<h1 class=\"mkd-section-title\" style=\"color: #505050\">\n\t\tDidattica integrata    <\/h1>\n<\/div><div class=\"mkd-separator-holder clearfix  custom-mkd-separator mkd-separator-center\">\n\t<div class=\"mkd-separator\" style=\"border-color: #6b8cb2;width: 55px;border-bottom-width: 2px;margin-top: 6px;margin-bottom: 21px\"><\/div>\n<\/div>\n[vc_column_text]<span style=\"font-weight: 400;\">Gli studenti degli indirizzi classico e scientifico svolgeranno insieme alcune <strong>ore comuni<\/strong>: chi sceglie di seguire il percorso scientifico potr\u00e0 cos\u00ec ricevere anche delle solide basi umanistiche e chi sceglie il percorso classico non rester\u00e0 estraneo all\u2019apprendimento degli strumenti e delle finalit\u00e0 della scienza. Gli studenti avranno peraltro modo di confrontarsi e aiutarsi tra loro, in base alle diverse sensibilit\u00e0.<\/span>[\/vc_column_text]        <\/div>\n    <\/div>\n<\/div><\/div>[\/vc_column][\/vc_row][vc_row content_width=&#8221;grid&#8221; content_aligment=&#8221;center&#8221; css=&#8221;.vc_custom_1536759331556{padding-top: 90px !important;padding-bottom: 90px !important;background-color: #d3e5f5 !important;}&#8221;][vc_column]<a href=\"https:\/\/liceolollino.it\/wp-content\/uploads\/2025\/10\/Orario-Classico-2026-27.pdf\" target=\"_blank\" class=\"mkd-btn mkd-btn-medium mkd-btn-solid mkd-btn-hover-lighten\"  style=\"margin: 10px 5px\" >\n\t<span class=\"mkd-btn-text\">QUADRO ORARIO<\/span>\n\t<span class=\"mkd-btn-overlay\" style=\"margin: 10px 5px\"><\/span>\n\t<\/a>[\/vc_column][\/vc_row]<\/p>\n<\/div>","protected":false},"excerpt":{"rendered":"<p>[vc_row content_width=&#8221;grid&#8221;][vc_column][\/vc_column][\/vc_row][vc_row row_type=&#8221;parallax&#8221; content_width=&#8221;grid&#8221; full_screen_section_height=&#8221;no&#8221; parallax_background_image=&#8221;15490&#8243; el_class=&#8221;bg-overlay-4&#8243;][vc_column][\/vc_column][\/vc_row][vc_row content_width=&#8221;grid&#8221;][vc_column][\/vc_column][\/vc_row][vc_row content_width=&#8221;grid&#8221; content_aligment=&#8221;center&#8221; css=&#8221;.vc_custom_1536759331556{padding-top: 90px !important;padding-bottom: 90px !important;background-color: #d3e5f5 !important;}&#8221;][vc_column][\/vc_column][\/vc_row]<\/p>\n","protected":false},"author":3,"featured_media":15574,"parent":0,"menu_order":0,"comment_status":"closed","ping_status":"closed","template":"full-width.php","meta":{"_mi_skip_tracking":false,"_monsterinsights_sitenote_active":false,"_monsterinsights_sitenote_note":"","_monsterinsights_sitenote_category":0,"footnotes":""},"acf":[],"_links":{"self":[{"href":"https:\/\/liceolollino.it\/myapi-api\/wp\/v2\/pages\/17615"}],"collection":[{"href":"https:\/\/liceolollino.it\/myapi-api\/wp\/v2\/pages"}],"about":[{"href":"https:\/\/liceolollino.it\/myapi-api\/wp\/v2\/types\/page"}],"author":[{"embeddable":true,"href":"https:\/\/liceolollino.it\/myapi-api\/wp\/v2\/users\/3"}],"replies":[{"embeddable":true,"href":"https:\/\/liceolollino.it\/myapi-api\/wp\/v2\/comments?post=17615"}],"version-history":[{"count":11,"href":"https:\/\/liceolollino.it\/myapi-api\/wp\/v2\/pages\/17615\/revisions"}],"predecessor-version":[{"id":17637,"href":"https:\/\/liceolollino.it\/myapi-api\/wp\/v2\/pages\/17615\/revisions\/17637"}],"wp:featuredmedia":[{"embeddable":true,"href":"https:\/\/liceolollino.it\/myapi-api\/wp\/v2\/media\/15574"}],"wp:attachment":[{"href":"https:\/\/liceolollino.it\/myapi-api\/wp\/v2\/media?parent=17615"}],"curies":[{"name":"wp","href":"https:\/\/api.w.org\/{rel}","templated":true}]}}